{"id":4171,"date":"2023-09-22T07:44:49","date_gmt":"2023-09-22T07:44:49","guid":{"rendered":"https:\/\/hairbeauty-pro.com\/?post_type=product&#038;p=4171"},"modified":"2026-03-24T11:34:24","modified_gmt":"2026-03-24T11:34:24","slug":"ys-645-cetkica-za-kolor-2","status":"publish","type":"product","link":"https:\/\/hairbeauty-pro.com\/?product=ys-645-cetkica-za-kolor-2","title":{"rendered":"YS-645 \u010cetkica za kolor pink"},"content":{"rendered":"<p>Ova \u010detkica za kolor dizajnirana je od waffle najlonskih dla\u010dica kako bi se boja ili dekolor zadr\u017eao prilikom nano\u0161enja.\u00a0 Zakrivljeni dizajn \u010detkice omogu\u0107ava ravnote\u017eu\u00a0 kako bi \u010detkica ostala unutar posude sa bojom\/dekolormom. Dizajn ru\u010dke omoguc\u0301ava jednostavnije odvajanje tokom nano\u0161enja. \u010cetkica je dizajnirana tako da le\u017ei ravno na radnoj povr\u0161ini bez mogu\u0107nosti da dla\u010dice dodiruju radnu povr\u0161inu. Samim tim se ubla\u017eava nered prilikom rada. Pri nano\u0161enju proizvoda \u010detkicom mogu se izvr\u0161iti razli\u010diti pritisci. Idealna je pri prelasku rada i aplikaciji boje uz liniju lica.<\/p>\n<p>&nbsp;<\/p>\n","protected":false},"excerpt":{"rendered":"<p>Du\u017eina: 165 mm<\/p>\n<p>Te\u017eina: 35gr<\/p>\n<p>Boje: crna, pink<\/p>\n","protected":false},"featured_media":4172,"comment_status":"open","ping_status":"closed","template":"","meta":{"site-sidebar-layout":"default","site-content-layout":"","ast-site-content-layout":"default","site-content-style":"default","site-sidebar-style":"default","ast-global-header-display":"","ast-banner-title-visibility":"","ast-main-header-display":"","ast-hfb-above-header-display":"","ast-hfb-below-header-display":"","ast-hfb-mobile-header-display":"","site-post-title":"","ast-breadcrumbs-content":"","ast-featured-img":"","footer-sml-layout":"","theme-transparent-header-meta":"default","adv-header-id-meta":"","stick-header-meta":"","header-above-stick-meta":"","header-main-stick-meta":"","header-below-stick-meta":"","astra-migrate-meta-layouts":"set","ast-page-background-enabled":"default","ast-page-background-meta":{"desktop":{"background-color":"","background-image":"","background-repeat":"repeat","background-position":"center center","background-size":"auto","background-attachment":"scroll","background-type":"","background-media":"","overlay-type":"","overlay-color":"","overlay-opacity":"","overlay-gradient":""},"tablet":{"background-color":"","background-image":"","background-repeat":"repeat","background-position":"center center","background-size":"auto","background-attachment":"scroll","background-type":"","background-media":"","overlay-type":"","overlay-color":"","overlay-opacity":"","overlay-gradient":""},"mobile":{"background-color":"","background-image":"","background-repeat":"repeat","background-position":"center center","background-size":"auto","background-attachment":"scroll","background-type":"","background-media":"","overlay-type":"","overlay-color":"","overlay-opacity":"","overlay-gradient":""}},"ast-content-background-meta":{"desktop":{"background-color":"var(--ast-global-color-5)","background-image":"","background-repeat":"repeat","background-position":"center center","background-size":"auto","background-attachment":"scroll","background-type":"","background-media":"","overlay-type":"","overlay-color":"","overlay-opacity":"","overlay-gradient":""},"tablet":{"background-color":"var(--ast-global-color-5)","background-image":"","background-repeat":"repeat","background-position":"center center","background-size":"auto","background-attachment":"scroll","background-type":"","background-media":"","overlay-type":"","overlay-color":"","overlay-opacity":"","overlay-gradient":""},"mobile":{"background-color":"var(--ast-global-color-5)","background-image":"","background-repeat":"repeat","background-position":"center center","background-size":"auto","background-attachment":"scroll","background-type":"","background-media":"","overlay-type":"","overlay-color":"","overlay-opacity":"","overlay-gradient":""}}},"product_cat":[148,208,245,210,243,218,165,224,167,46],"product_tag":[],"yoast_head":"<!-- This site is optimized with the Yoast SEO plugin v21.7 - https:\/\/yoast.com\/wordpress\/plugins\/seo\/ -->\n<title>YS-645 \u010cetkica za kolor pink - Flash<\/title>\n<meta name=\"description\" content=\"Du\u017eina: 165 mm  Te\u017eina: 35gr  Boje: crna, pink\" \/>\n<meta name=\"robots\" content=\"index, follow, max-snippet:-1, max-image-preview:large, max-video-preview:-1\" \/>\n<link rel=\"canonical\" href=\"https:\/\/hairbeauty-pro.com\/?product=ys-645-cetkica-za-kolor-2\" \/>\n<meta property=\"og:locale\" content=\"bs_BA\" \/>\n<meta property=\"og:type\" content=\"article\" \/>\n<meta property=\"og:title\" content=\"YS-645 \u010cetkica za kolor pink - Flash\" \/>\n<meta property=\"og:description\" content=\"Du\u017eina: 165 mm  Te\u017eina: 35gr  Boje: crna, pink\" \/>\n<meta property=\"og:url\" content=\"https:\/\/hairbeauty-pro.com\/?product=ys-645-cetkica-za-kolor-2\" \/>\n<meta property=\"og:site_name\" content=\"Flash\" \/>\n<meta property=\"article:modified_time\" content=\"2026-03-24T11:34:24+00:00\" \/>\n<meta property=\"og:image\" content=\"http:\/\/hairbeauty-pro.com\/wp-content\/uploads\/2023\/09\/645_pink.png\" \/>\n\t<meta property=\"og:image:width\" content=\"679\" \/>\n\t<meta property=\"og:image:height\" content=\"2274\" \/>\n\t<meta property=\"og:image:type\" content=\"image\/png\" \/>\n<meta name=\"twitter:card\" content=\"summary_large_image\" \/>\n<meta name=\"twitter:label1\" content=\"Est. reading time\" \/>\n\t<meta name=\"twitter:data1\" content=\"1 minuta\" \/>\n<script type=\"application\/ld+json\" class=\"yoast-schema-graph\">{\"@context\":\"https:\/\/schema.org\",\"@graph\":[{\"@type\":\"WebPage\",\"@id\":\"https:\/\/hairbeauty-pro.com\/?product=ys-645-cetkica-za-kolor-2\",\"url\":\"https:\/\/hairbeauty-pro.com\/?product=ys-645-cetkica-za-kolor-2\",\"name\":\"YS-645 \u010cetkica za kolor pink - Flash\",\"isPartOf\":{\"@id\":\"https:\/\/hairbeauty-pro.com\/#website\"},\"datePublished\":\"2023-09-22T07:44:49+00:00\",\"dateModified\":\"2026-03-24T11:34:24+00:00\",\"description\":\"Du\u017eina: 165 mm Te\u017eina: 35gr Boje: crna, pink\",\"breadcrumb\":{\"@id\":\"https:\/\/hairbeauty-pro.com\/?product=ys-645-cetkica-za-kolor-2#breadcrumb\"},\"inLanguage\":\"bs-BA\",\"potentialAction\":[{\"@type\":\"ReadAction\",\"target\":[\"https:\/\/hairbeauty-pro.com\/?product=ys-645-cetkica-za-kolor-2\"]}]},{\"@type\":\"BreadcrumbList\",\"@id\":\"https:\/\/hairbeauty-pro.com\/?product=ys-645-cetkica-za-kolor-2#breadcrumb\",\"itemListElement\":[{\"@type\":\"ListItem\",\"position\":1,\"name\":\"Home\",\"item\":\"https:\/\/hairbeauty-pro.com\/\"},{\"@type\":\"ListItem\",\"position\":2,\"name\":\"Shop\",\"item\":\"https:\/\/hairbeauty-pro.com\/?page_id=11\"},{\"@type\":\"ListItem\",\"position\":3,\"name\":\"YS-645 \u010cetkica za kolor pink\"}]},{\"@type\":\"WebSite\",\"@id\":\"https:\/\/hairbeauty-pro.com\/#website\",\"url\":\"https:\/\/hairbeauty-pro.com\/\",\"name\":\"Flash\",\"description\":\"Va\u0161a ultimativna destinacja za njegu kose\",\"publisher\":{\"@id\":\"https:\/\/hairbeauty-pro.com\/#organization\"},\"potentialAction\":[{\"@type\":\"SearchAction\",\"target\":{\"@type\":\"EntryPoint\",\"urlTemplate\":\"https:\/\/hairbeauty-pro.com\/?s={search_term_string}\"},\"query-input\":\"required name=search_term_string\"}],\"inLanguage\":\"bs-BA\"},{\"@type\":\"Organization\",\"@id\":\"https:\/\/hairbeauty-pro.com\/#organization\",\"name\":\"Flash\",\"url\":\"https:\/\/hairbeauty-pro.com\/\",\"logo\":{\"@type\":\"ImageObject\",\"inLanguage\":\"bs-BA\",\"@id\":\"https:\/\/hairbeauty-pro.com\/#\/schema\/logo\/image\/\",\"url\":\"https:\/\/hairbeauty-pro.com\/wp-content\/uploads\/2023\/07\/cropped-FLASH-LOGO-png.png\",\"contentUrl\":\"https:\/\/hairbeauty-pro.com\/wp-content\/uploads\/2023\/07\/cropped-FLASH-LOGO-png.png\",\"width\":1316,\"height\":521,\"caption\":\"Flash\"},\"image\":{\"@id\":\"https:\/\/hairbeauty-pro.com\/#\/schema\/logo\/image\/\"}}]}<\/script>\n<!-- \/ Yoast SEO plugin. -->","yoast_head_json":{"title":"YS-645 \u010cetkica za kolor pink - Flash","description":"Du\u017eina: 165 mm  Te\u017eina: 35gr  Boje: crna, pink","robots":{"index":"index","follow":"follow","max-snippet":"max-snippet:-1","max-image-preview":"max-image-preview:large","max-video-preview":"max-video-preview:-1"},"canonical":"https:\/\/hairbeauty-pro.com\/?product=ys-645-cetkica-za-kolor-2","og_locale":"bs_BA","og_type":"article","og_title":"YS-645 \u010cetkica za kolor pink - Flash","og_description":"Du\u017eina: 165 mm  Te\u017eina: 35gr  Boje: crna, pink","og_url":"https:\/\/hairbeauty-pro.com\/?product=ys-645-cetkica-za-kolor-2","og_site_name":"Flash","article_modified_time":"2026-03-24T11:34:24+00:00","og_image":[{"width":679,"height":2274,"url":"http:\/\/hairbeauty-pro.com\/wp-content\/uploads\/2023\/09\/645_pink.png","type":"image\/png"}],"twitter_card":"summary_large_image","twitter_misc":{"Est. reading time":"1 minuta"},"schema":{"@context":"https:\/\/schema.org","@graph":[{"@type":"WebPage","@id":"https:\/\/hairbeauty-pro.com\/?product=ys-645-cetkica-za-kolor-2","url":"https:\/\/hairbeauty-pro.com\/?product=ys-645-cetkica-za-kolor-2","name":"YS-645 \u010cetkica za kolor pink - Flash","isPartOf":{"@id":"https:\/\/hairbeauty-pro.com\/#website"},"datePublished":"2023-09-22T07:44:49+00:00","dateModified":"2026-03-24T11:34:24+00:00","description":"Du\u017eina: 165 mm Te\u017eina: 35gr Boje: crna, pink","breadcrumb":{"@id":"https:\/\/hairbeauty-pro.com\/?product=ys-645-cetkica-za-kolor-2#breadcrumb"},"inLanguage":"bs-BA","potentialAction":[{"@type":"ReadAction","target":["https:\/\/hairbeauty-pro.com\/?product=ys-645-cetkica-za-kolor-2"]}]},{"@type":"BreadcrumbList","@id":"https:\/\/hairbeauty-pro.com\/?product=ys-645-cetkica-za-kolor-2#breadcrumb","itemListElement":[{"@type":"ListItem","position":1,"name":"Home","item":"https:\/\/hairbeauty-pro.com\/"},{"@type":"ListItem","position":2,"name":"Shop","item":"https:\/\/hairbeauty-pro.com\/?page_id=11"},{"@type":"ListItem","position":3,"name":"YS-645 \u010cetkica za kolor pink"}]},{"@type":"WebSite","@id":"https:\/\/hairbeauty-pro.com\/#website","url":"https:\/\/hairbeauty-pro.com\/","name":"Flash","description":"Va\u0161a ultimativna destinacja za njegu kose","publisher":{"@id":"https:\/\/hairbeauty-pro.com\/#organization"},"potentialAction":[{"@type":"SearchAction","target":{"@type":"EntryPoint","urlTemplate":"https:\/\/hairbeauty-pro.com\/?s={search_term_string}"},"query-input":"required name=search_term_string"}],"inLanguage":"bs-BA"},{"@type":"Organization","@id":"https:\/\/hairbeauty-pro.com\/#organization","name":"Flash","url":"https:\/\/hairbeauty-pro.com\/","logo":{"@type":"ImageObject","inLanguage":"bs-BA","@id":"https:\/\/hairbeauty-pro.com\/#\/schema\/logo\/image\/","url":"https:\/\/hairbeauty-pro.com\/wp-content\/uploads\/2023\/07\/cropped-FLASH-LOGO-png.png","contentUrl":"https:\/\/hairbeauty-pro.com\/wp-content\/uploads\/2023\/07\/cropped-FLASH-LOGO-png.png","width":1316,"height":521,"caption":"Flash"},"image":{"@id":"https:\/\/hairbeauty-pro.com\/#\/schema\/logo\/image\/"}}]}},"_links":{"self":[{"href":"https:\/\/hairbeauty-pro.com\/index.php?rest_route=\/wp\/v2\/product\/4171"}],"collection":[{"href":"https:\/\/hairbeauty-pro.com\/index.php?rest_route=\/wp\/v2\/product"}],"about":[{"href":"https:\/\/hairbeauty-pro.com\/index.php?rest_route=\/wp\/v2\/types\/product"}],"replies":[{"embeddable":true,"href":"https:\/\/hairbeauty-pro.com\/index.php?rest_route=%2Fwp%2Fv2%2Fcomments&post=4171"}],"wp:featuredmedia":[{"embeddable":true,"href":"https:\/\/hairbeauty-pro.com\/index.php?rest_route=\/wp\/v2\/media\/4172"}],"wp:attachment":[{"href":"https:\/\/hairbeauty-pro.com\/index.php?rest_route=%2Fwp%2Fv2%2Fmedia&parent=4171"}],"wp:term":[{"taxonomy":"product_cat","embeddable":true,"href":"https:\/\/hairbeauty-pro.com\/index.php?rest_route=%2Fwp%2Fv2%2Fproduct_cat&post=4171"},{"taxonomy":"product_tag","embeddable":true,"href":"https:\/\/hairbeauty-pro.com\/index.php?rest_route=%2Fwp%2Fv2%2Fproduct_tag&post=4171"}],"curies":[{"name":"wp","href":"https:\/\/api.w.org\/{rel}","templated":true}]}}